{"id":862,"date":"2025-11-11T17:28:54","date_gmt":"2025-11-11T16:28:54","guid":{"rendered":"https:\/\/misericordiadesanfernando.com\/?page_id=862"},"modified":"2025-11-20T14:05:03","modified_gmt":"2025-11-20T13:05:03","slug":"fragmento-de-pregones","status":"publish","type":"page","link":"https:\/\/misericordiadesanfernando.com\/index.php\/fragmento-de-pregones\/","title":{"rendered":""},"content":{"rendered":"\n<p class=\"wp-block-paragraph\"><\/p>\n\n\n<style>.kb-image862_4cf0c6-4a .kb-image-has-overlay:after{opacity:0.3;}<\/style>\n<div class=\"wp-block-kadence-image kb-image862_4cf0c6-4a\"><figure class=\"aligncenter size-large\"><img loading=\"lazy\" decoding=\"async\" width=\"1024\" height=\"341\" src=\"https:\/\/misericordiadesanfernando.com\/wp-content\/uploads\/2025\/11\/FRAGMENToss-1024x341.jpeg\" alt=\"\" class=\"kb-img wp-image-1788\" srcset=\"https:\/\/misericordiadesanfernando.com\/wp-content\/uploads\/2025\/11\/FRAGMENToss-1024x341.jpeg 1024w, https:\/\/misericordiadesanfernando.com\/wp-content\/uploads\/2025\/11\/FRAGMENToss-300x100.jpeg 300w, https:\/\/misericordiadesanfernando.com\/wp-content\/uploads\/2025\/11\/FRAGMENToss-768x256.jpeg 768w, https:\/\/misericordiadesanfernando.com\/wp-content\/uploads\/2025\/11\/FRAGMENToss.jpeg 1500w\" sizes=\"auto, (max-width: 1024px) 100vw, 1024px\" \/><\/figure><\/div>\n\n\n\n<p class=\"has-theme-palette-1-color has-text-color has-link-color wp-elements-1 wp-block-paragraph\">Desde el a\u00f1o 1976 hasta la fecha, breve reproducci\u00f3n de algunas estrofas y renglones de sus pregones y escritos.<\/p>\n\n\n\n<p class=\"has-theme-palette-1-color has-text-color has-link-color wp-elements-2 wp-block-paragraph\"><strong>JOSE LUIS RODRIGUEZ LAFITA<\/strong><\/p>\n\n\n\n<p class=\"has-theme-palette-1-color has-text-color has-link-color wp-elements-3 wp-block-paragraph\"><strong>A\u00f1o 1976<\/strong><\/p>\n\n\n\n<p class=\"has-theme-palette-1-color has-text-color has-link-color wp-elements-4 wp-block-paragraph\">\u00a1Divina Virgen! \u00a1Mi ensue\u00f1o! \u00a1Mi reina!<\/p>\n\n\n\n<p class=\"has-theme-palette-1-color has-text-color has-link-color wp-elements-5 wp-block-paragraph\">\u00a1Mi Majestad! \u00a1La que me alegra los sue\u00f1os!<\/p>\n\n\n\n<p class=\"has-theme-palette-1-color has-text-color has-link-color wp-elements-6 wp-block-paragraph\">\u00a1Campanilla de cristal!<\/p>\n\n\n\n<p class=\"has-theme-palette-1-color has-text-color has-link-color wp-elements-7 wp-block-paragraph\">\u00a1Ay que ver c\u00f3mo te quiero! Yo no paro de pensar.<\/p>\n\n\n\n<p class=\"has-theme-palette-1-color has-text-color has-link-color wp-elements-8 wp-block-paragraph\">\u00a1El cristal de los esteros, se ha roto por t\u00fa mirar!<\/p>\n\n\n\n<p class=\"has-theme-palette-1-color has-text-color has-link-color wp-elements-9 wp-block-paragraph\"><strong>GONZALO FERNANDEZ ESTUDILLO<\/strong><\/p>\n\n\n\n<p class=\"has-theme-palette-1-color has-text-color has-link-color wp-elements-10 wp-block-paragraph\"><strong>A\u00f1o 1977<\/strong><\/p>\n\n\n\n<p class=\"has-theme-palette-1-color has-text-color has-link-color wp-elements-11 wp-block-paragraph\">El alma de una Madre es generosa, inmenso como Dios, es su cari\u00f1o, recuerda que mi madre bondadosa a amarte me ense\u00f1\u00f3 cuando era ni\u00f1o. Y de noche en mi lecho se sentaba y ya desnudo arrodillar me hac\u00eda y una oraci\u00f3n sencilla recitaba que, durmi\u00e9ndome ya, la repet\u00eda.<\/p>\n\n\n\n<p class=\"has-theme-palette-1-color has-text-color has-link-color wp-elements-12 wp-block-paragraph\"><strong>BARTOLOME LLOMPART BELLO<\/strong><\/p>\n\n\n\n<p class=\"has-theme-palette-1-color has-text-color has-link-color wp-elements-13 wp-block-paragraph\"><strong>A\u00f1o 1978<\/strong><\/p>\n\n\n\n<p class=\"has-theme-palette-1-color has-text-color has-link-color wp-elements-14 wp-block-paragraph\">Por eso hacen falta Cirineos. Cirineos que ayuden a llevar el peso de su fe y su entusiasmo a quienes en esto andan y trabajan. No hay que olvidar que el Cirineo aut\u00e9ntico no solo tom\u00f3 la Cruz para seguir a Cristo, sino para que Cristo pudiera seguir.<\/p>\n\n\n\n<p class=\"has-theme-palette-1-color has-text-color has-link-color wp-elements-15 wp-block-paragraph\"><strong>JOS\u00c9 GONZ\u00c1LEZ BARBA<\/strong><\/p>\n\n\n\n<p class=\"has-theme-palette-1-color has-text-color has-link-color wp-elements-16 wp-block-paragraph\"><strong>A\u00f1o 1979<\/strong><\/p>\n\n\n\n<p class=\"has-theme-palette-1-color has-text-color has-link-color wp-elements-17 wp-block-paragraph\">Por eso nuestra Virgen no puede ser una estampa del pasado.<\/p>\n\n\n\n<p class=\"has-theme-palette-1-color has-text-color has-link-color wp-elements-18 wp-block-paragraph\">Un recuerdo a la nostalgia. Tiene que ser algo vivo, exigente, si es preciso baj\u00e9mosla de su trono, y pong\u00e1mosla a nuestro lado. Y porque queremos a la Virgen con nosotros, junto a nosotros, entre nosotros, es por lo que los hermanos cofrades, con su amor, su esfuerzo y su constancia est\u00e1n empe\u00f1ados en irle haciendo sin prisas, pero con eficacia esos varales, para que cuando en su paso, la saquemos a nuestras calles, m\u00e1s que en un trono inaccesible la sintamos, como asomada a un cierro, observando nuestros peque\u00f1os problemas, contemplando nuestro ir y venir por esta vida, comentando con su Hijo nuestras preocupaciones, pidiendo favores para nuestras necesidades, repartiendo a manos llenas su Piedad infinita.<\/p>\n\n\n\n<p class=\"has-theme-palette-1-color has-text-color has-link-color wp-elements-19 wp-block-paragraph\"><strong>SALVADOR DE QUINTA RODRIGUEZ<\/strong><\/p>\n\n\n\n<p class=\"has-theme-palette-1-color has-text-color has-link-color wp-elements-20 wp-block-paragraph\"><strong>A\u00f1o 1980<\/strong><\/p>\n\n\n\n<p class=\"has-theme-palette-1-color has-text-color has-link-color wp-elements-21 wp-block-paragraph\">Y, aunque lo impidan las reglas,<\/p>\n\n\n\n<p class=\"has-theme-palette-1-color has-text-color has-link-color wp-elements-22 wp-block-paragraph\">para poder contemplar<\/p>\n\n\n\n<p class=\"has-theme-palette-1-color has-text-color has-link-color wp-elements-23 wp-block-paragraph\">a su Virgen, ya en la calle,<\/p>\n\n\n\n<p class=\"has-theme-palette-1-color has-text-color has-link-color wp-elements-24 wp-block-paragraph\">volver\u00e1n la vista atr\u00e1s.<\/p>\n\n\n\n<p class=\"has-theme-palette-1-color has-text-color has-link-color wp-elements-25 wp-block-paragraph\">Y aunque tambi\u00e9n en la fila<\/p>\n\n\n\n<p class=\"has-theme-palette-1-color has-text-color has-link-color wp-elements-26 wp-block-paragraph\">se les proh\u00edbe el hablar,<\/p>\n\n\n\n<p class=\"has-theme-palette-1-color has-text-color has-link-color wp-elements-27 wp-block-paragraph\">como el alma no da voces,<\/p>\n\n\n\n<p class=\"has-theme-palette-1-color has-text-color has-link-color wp-elements-28 wp-block-paragraph\">con el alma gritar\u00e1n:<\/p>\n\n\n\n<p class=\"has-theme-palette-1-color has-text-color has-link-color wp-elements-29 wp-block-paragraph\">\u00a1Al fin! \u00a1Por fin ha salido!<\/p>\n\n\n\n<p class=\"has-theme-palette-1-color has-text-color has-link-color wp-elements-30 wp-block-paragraph\">\u00a1miradla que guapa va!,<\/p>\n\n\n\n<p class=\"has-theme-palette-1-color has-text-color has-link-color wp-elements-31 wp-block-paragraph\">Ole que ya est\u00e1 en la calle,<\/p>\n\n\n\n<p class=\"has-theme-palette-1-color has-text-color has-link-color wp-elements-32 wp-block-paragraph\">Mi Virgen de la Piedad.<\/p>\n\n\n\n<p class=\"has-theme-palette-1-color has-text-color has-link-color wp-elements-33 wp-block-paragraph\"><strong>ENRIQUE MONTIEL SANCHEZ<\/strong><\/p>\n\n\n\n<p class=\"has-theme-palette-1-color has-text-color has-link-color wp-elements-34 wp-block-paragraph\"><strong>A\u00f1o 1981<\/strong><\/p>\n\n\n\n<p class=\"has-theme-palette-1-color has-text-color has-link-color wp-elements-35 wp-block-paragraph\">Qui\u00e9n sabe si la tarde del pr\u00f3ximo Jueves Santo este a\u00f1o iluminar\u00e1 con luces tenues la ancha, humilde plazoleta de la Pastora isle\u00f1a y frente a un silencio contenido de ansias avanzar\u00e1 sigiloso -varales plateados, palio azul, manto humilde, candeler\u00eda y llores &#8211; el paso de la Piedad&#8230;<\/p>\n\n\n\n<p class=\"has-theme-palette-1-color has-text-color has-link-color wp-elements-36 wp-block-paragraph\">Qui\u00e9n sabe si el milagro de tantos afanes -Junta de Hermandad, Junta Auxiliar, hermanas, hermanos, devotos de Ella &#8211; resplandecer\u00e1 en ese azul intenso de cielo ca\u00f1ailla que hay d\u00edas mancha la plaza Recoleta de la Pastora&#8230;<\/p>\n\n\n\n<p class=\"has-theme-palette-1-color has-text-color has-link-color wp-elements-37 wp-block-paragraph\">Lo cierto, indeleble, esperado y deseado es ver en las calles de nuestra Isla dolorida por el espect\u00e1culo ins\u00f3lito de la Pasi\u00f3n de Nuestro Se\u00f1or, a la Madre de nuestra salvaci\u00f3n, marchar al comp\u00e1s detr\u00e1s de Nuestra Esperanza y de Nuestra Misericordia&#8230;<\/p>\n\n\n\n<p class=\"has-theme-palette-1-color has-text-color has-link-color wp-elements-38 wp-block-paragraph\">Ese es el milagro de la pr\u00f3xima primavera isle\u00f1a.<\/p>\n\n\n\n<p class=\"has-theme-palette-1-color has-text-color has-link-color wp-elements-39 wp-block-paragraph\"><strong>PEDRO PEREZ SERRANO<\/strong><\/p>\n\n\n\n<p class=\"has-theme-palette-1-color has-text-color has-link-color wp-elements-40 wp-block-paragraph\"><strong>A\u00f1o 1985<\/strong><\/p>\n\n\n\n<p class=\"has-theme-palette-1-color has-text-color has-link-color wp-elements-41 wp-block-paragraph\">Sevillanas manos te tallaron<\/p>\n\n\n\n<p class=\"has-theme-palette-1-color has-text-color has-link-color wp-elements-42 wp-block-paragraph\">con especial y exquisito cuidado<\/p>\n\n\n\n<p class=\"has-theme-palette-1-color has-text-color has-link-color wp-elements-43 wp-block-paragraph\">y todos quedamos prendados<\/p>\n\n\n\n<p class=\"has-theme-palette-1-color has-text-color has-link-color wp-elements-44 wp-block-paragraph\">cuando nuestros ojos en Ti posaron.<\/p>\n\n\n\n<p class=\"has-theme-palette-1-color has-text-color has-link-color wp-elements-45 wp-block-paragraph\">A Tu hijo pedimos iluminar<\/p>\n\n\n\n<p class=\"has-theme-palette-1-color has-text-color has-link-color wp-elements-46 wp-block-paragraph\">estas manos que en Sevilla<\/p>\n\n\n\n<p class=\"has-theme-palette-1-color has-text-color has-link-color wp-elements-47 wp-block-paragraph\">por encargo de tus hijos ca\u00f1aillas<\/p>\n\n\n\n<p class=\"has-theme-palette-1-color has-text-color has-link-color wp-elements-48 wp-block-paragraph\">Tu rostro ten\u00eda que tallar.<\/p>\n\n\n\n<p class=\"has-theme-palette-1-color has-text-color has-link-color wp-elements-49 wp-block-paragraph\">Y en verdad que fuimos o\u00eddos<\/p>\n\n\n\n<p class=\"has-theme-palette-1-color has-text-color has-link-color wp-elements-50 wp-block-paragraph\">pues tan bella es tu faz<\/p>\n\n\n\n<p class=\"has-theme-palette-1-color has-text-color has-link-color wp-elements-51 wp-block-paragraph\">que \u00bfcu\u00e1ntos enamorados? Tiene<\/p>\n\n\n\n<p class=\"has-theme-palette-1-color has-text-color has-link-color wp-elements-52 wp-block-paragraph\">mi Virgen de la Piedad.<\/p>\n\n\n\n<p class=\"has-theme-palette-1-color has-text-color has-link-color wp-elements-53 wp-block-paragraph\">Hoy podemos cantar al igual<\/p>\n\n\n\n<p class=\"has-theme-palette-1-color has-text-color has-link-color wp-elements-54 wp-block-paragraph\">&nbsp;que la cancioncilla popular:<\/p>\n\n\n\n<p class=\"has-theme-palette-1-color has-text-color has-link-color wp-elements-55 wp-block-paragraph\">Frente a frente a m\u00ed, Soberana<\/p>\n\n\n\n<p class=\"has-theme-palette-1-color has-text-color has-link-color wp-elements-56 wp-block-paragraph\">en rica peana Tu imagen se ve<\/p>\n\n\n\n<p class=\"has-theme-palette-1-color has-text-color has-link-color wp-elements-57 wp-block-paragraph\">cuantas veces con dulso embeleso<\/p>\n\n\n\n<p class=\"has-theme-palette-1-color has-text-color has-link-color wp-elements-58 wp-block-paragraph\">un c\u00e1ndido beso estampo en Tus pies.<\/p>\n\n\n\n<p class=\"has-theme-palette-1-color has-text-color has-link-color wp-elements-59 wp-block-paragraph\"><strong>ANTONIO MORENO OLMEDO<\/strong><\/p>\n\n\n\n<p class=\"has-theme-palette-1-color has-text-color has-link-color wp-elements-60 wp-block-paragraph\"><strong>A\u00f1o 1993<\/strong><\/p>\n\n\n\n<p class=\"has-theme-palette-1-color has-text-color has-link-color wp-elements-61 wp-block-paragraph\">Vestida con sol dormido<\/p>\n\n\n\n<p class=\"has-theme-palette-1-color has-text-color has-link-color wp-elements-62 wp-block-paragraph\">Tu pregonero te canta,<\/p>\n\n\n\n<p class=\"has-theme-palette-1-color has-text-color has-link-color wp-elements-63 wp-block-paragraph\">de agua de coral vestida<\/p>\n\n\n\n<p class=\"has-theme-palette-1-color has-text-color has-link-color wp-elements-64 wp-block-paragraph\">con la Virgen en su boca,<\/p>\n\n\n\n<p class=\"has-theme-palette-1-color has-text-color has-link-color wp-elements-65 wp-block-paragraph\">Vas sazonando la vida<\/p>\n\n\n\n<p class=\"has-theme-palette-1-color has-text-color has-link-color wp-elements-66 wp-block-paragraph\">y el \u00e1ngel de cuanto toca,<\/p>\n\n\n\n<p class=\"has-theme-palette-1-color has-text-color has-link-color wp-elements-67 wp-block-paragraph\">con la sal de tu latido,<\/p>\n\n\n\n<p class=\"has-theme-palette-1-color has-text-color has-link-color wp-elements-68 wp-block-paragraph\">tu sal al aire levanta.<\/p>\n\n\n\n<p class=\"has-theme-palette-1-color has-text-color has-link-color wp-elements-69 wp-block-paragraph\">\u00a1Ll\u00e9name ya la garganta<\/p>\n\n\n\n<p class=\"has-theme-palette-1-color has-text-color has-link-color wp-elements-70 wp-block-paragraph\">Tu coraz\u00f3n exprimido<\/p>\n\n\n\n<p class=\"has-theme-palette-1-color has-text-color has-link-color wp-elements-71 wp-block-paragraph\">con la sal de tus revuelos!<\/p>\n\n\n\n<p class=\"has-theme-palette-1-color has-text-color has-link-color wp-elements-72 wp-block-paragraph\">Entre el tajo y el estero,<\/p>\n\n\n\n<p class=\"has-theme-palette-1-color has-text-color has-link-color wp-elements-73 wp-block-paragraph\">\u00a1S\u00e1lame de sal anhelos<\/p>\n\n\n\n<p class=\"has-theme-palette-1-color has-text-color has-link-color wp-elements-74 wp-block-paragraph\">hace cantar con salero<\/p>\n\n\n\n<p class=\"has-theme-palette-1-color has-text-color has-link-color wp-elements-75 wp-block-paragraph\">y muerto en tus sales finas,<\/p>\n\n\n\n<p class=\"has-theme-palette-1-color has-text-color has-link-color wp-elements-76 wp-block-paragraph\">el garbo de cuanto toca,<\/p>\n\n\n\n<p class=\"has-theme-palette-1-color has-text-color has-link-color wp-elements-77 wp-block-paragraph\">ll\u00e9vame hasta las salinas.<\/p>\n\n\n\n<p class=\"has-theme-palette-1-color has-text-color has-link-color wp-elements-78 wp-block-paragraph\">\u00a1Con la Virgen en su boca<\/p>\n\n\n\n<p class=\"has-theme-palette-1-color has-text-color has-link-color wp-elements-79 wp-block-paragraph\">de la isla de los cielos!<\/p>\n\n\n\n<p class=\"has-theme-palette-1-color has-text-color has-link-color wp-elements-80 wp-block-paragraph\">te canta tu pregonero!<\/p>\n\n\n\n<p class=\"has-theme-palette-1-color has-text-color has-link-color wp-elements-81 wp-block-paragraph\"><strong>ANTONIO LLAVES VILLANUEVA<\/strong><\/p>\n\n\n\n<p class=\"has-theme-palette-1-color has-text-color has-link-color wp-elements-82 wp-block-paragraph\"><strong>A\u00f1o 1994<\/strong><\/p>\n\n\n\n<p class=\"has-theme-palette-1-color has-text-color has-link-color wp-elements-83 wp-block-paragraph\">\u2026 Quisiera con sentimiento rimar el fervor con la Misericordia y la alabanza con la Piedad. La reina de todo lo creado ha salido a la plaza llena de devotos que ofrecen sus oraciones al mismo tiempo que la luna besa su frente en el resplandor de la noche \u2026..<\/p>\n\n\n\n<p class=\"has-theme-palette-1-color has-text-color has-link-color wp-elements-84 wp-block-paragraph\"><strong>INMACULADA C\u00c1LIZ GONZ\u00c1LEZ<\/strong><\/p>\n\n\n\n<p class=\"has-theme-palette-1-color has-text-color has-link-color wp-elements-85 wp-block-paragraph\"><strong>A\u00f1o 1996<\/strong><\/p>\n\n\n\n<p class=\"has-theme-palette-1-color has-text-color has-link-color wp-elements-86 wp-block-paragraph\">Y dicen que el Jueves Santo,<\/p>\n\n\n\n<p class=\"has-theme-palette-1-color has-text-color has-link-color wp-elements-87 wp-block-paragraph\">cuando nuestra Virgen sale<\/p>\n\n\n\n<p class=\"has-theme-palette-1-color has-text-color has-link-color wp-elements-88 wp-block-paragraph\">a derramar su Piedad<\/p>\n\n\n\n<p class=\"has-theme-palette-1-color has-text-color has-link-color wp-elements-89 wp-block-paragraph\">por las piedras de la calle,<\/p>\n\n\n\n<p class=\"has-theme-palette-1-color has-text-color has-link-color wp-elements-90 wp-block-paragraph\">una monja desde el cielo,<\/p>\n\n\n\n<p class=\"has-theme-palette-1-color has-text-color has-link-color wp-elements-91 wp-block-paragraph\">con un corrincho de \u00e1ngeles,<\/p>\n\n\n\n<p class=\"has-theme-palette-1-color has-text-color has-link-color wp-elements-92 wp-block-paragraph\">cuida las l\u00e1grimas santas<\/p>\n\n\n\n<p class=\"has-theme-palette-1-color has-text-color has-link-color wp-elements-93 wp-block-paragraph\">de su pena entrevarales.<\/p>\n\n\n\n<p class=\"has-theme-palette-1-color has-text-color has-link-color wp-elements-94 wp-block-paragraph\">Y la Virgen le sonr\u00ede,<\/p>\n\n\n\n<p class=\"has-theme-palette-1-color has-text-color has-link-color wp-elements-95 wp-block-paragraph\">entre jarras y ciriales,<\/p>\n\n\n\n<p class=\"has-theme-palette-1-color has-text-color has-link-color wp-elements-96 wp-block-paragraph\">rezando por Cristina,<\/p>\n\n\n\n<p class=\"has-theme-palette-1-color has-text-color has-link-color wp-elements-97 wp-block-paragraph\">cincuenta veces la Salve.<\/p>\n\n\n\n<p class=\"has-theme-palette-1-color has-text-color has-link-color wp-elements-98 wp-block-paragraph\"><strong>ANTONIO MANUEL AL\u00cdAS DE LA TORRE<\/strong><\/p>\n\n\n\n<p class=\"has-theme-palette-1-color has-text-color has-link-color wp-elements-99 wp-block-paragraph\"><strong>A\u00f1o 1999<\/strong><\/p>\n\n\n\n<p class=\"has-theme-palette-1-color has-text-color has-link-color wp-elements-100 wp-block-paragraph\">Y este pueblo hoy quiere,<\/p>\n\n\n\n<p class=\"has-theme-palette-1-color has-text-color has-link-color wp-elements-101 wp-block-paragraph\">que nunca muera Cristina.<\/p>\n\n\n\n<p class=\"has-theme-palette-1-color has-text-color has-link-color wp-elements-102 wp-block-paragraph\">Que tenga su amor en el cielo<\/p>\n\n\n\n<p class=\"has-theme-palette-1-color has-text-color has-link-color wp-elements-103 wp-block-paragraph\">junto al amor carmelita.<\/p>\n\n\n\n<p class=\"has-theme-palette-1-color has-text-color has-link-color wp-elements-104 wp-block-paragraph\">Que en la Isla no queremos<\/p>\n\n\n\n<p class=\"has-theme-palette-1-color has-text-color has-link-color wp-elements-105 wp-block-paragraph\">que nos dejes sin tu risa.<\/p>\n\n\n\n<p class=\"has-theme-palette-1-color has-text-color has-link-color wp-elements-106 wp-block-paragraph\">Que nuestra monjita hermosa,<\/p>\n\n\n\n<p class=\"has-theme-palette-1-color has-text-color has-link-color wp-elements-107 wp-block-paragraph\">sevillana y ca\u00f1ailla<\/p>\n\n\n\n<p class=\"has-theme-palette-1-color has-text-color has-link-color wp-elements-108 wp-block-paragraph\">ca\u00f1ailla y carmelita,<\/p>\n\n\n\n<p class=\"has-theme-palette-1-color has-text-color has-link-color wp-elements-109 wp-block-paragraph\">nunca dej\u00f3 nuestro cielo<\/p>\n\n\n\n<p class=\"has-theme-palette-1-color has-text-color has-link-color wp-elements-110 wp-block-paragraph\">pues, al toque de tablillas,<\/p>\n\n\n\n<p class=\"has-theme-palette-1-color has-text-color has-link-color wp-elements-111 wp-block-paragraph\">Cristina naci\u00f3 de nuevo,<\/p>\n\n\n\n<p class=\"has-theme-palette-1-color has-text-color has-link-color wp-elements-112 wp-block-paragraph\">para quedarse en la Isla.<\/p>\n\n\n\n<p class=\"has-theme-palette-1-color has-text-color has-link-color wp-elements-113 wp-block-paragraph\"><strong>JOS\u00c9 CARLOS FERN\u00c1NDEZ MORENO<\/strong><\/p>\n\n\n\n<p class=\"has-theme-palette-1-color has-text-color has-link-color wp-elements-114 wp-block-paragraph\"><strong>A\u00f1o 2000<\/strong><\/p>\n\n\n\n<p class=\"has-theme-palette-1-color has-text-color has-link-color wp-elements-115 wp-block-paragraph\">Nada tuve mejor<\/p>\n\n\n\n<p class=\"has-theme-palette-1-color has-text-color has-link-color wp-elements-116 wp-block-paragraph\">que aquella noche de Jueves Santo<\/p>\n\n\n\n<p class=\"has-theme-palette-1-color has-text-color has-link-color wp-elements-117 wp-block-paragraph\">Jueves Santo del ochenta y dos<\/p>\n\n\n\n<p class=\"has-theme-palette-1-color has-text-color has-link-color wp-elements-118 wp-block-paragraph\">que fui a tus plantas, Piedad,<\/p>\n\n\n\n<p class=\"has-theme-palette-1-color has-text-color has-link-color wp-elements-119 wp-block-paragraph\">Porque era tu Hermano Mayor.<\/p>\n\n\n\n<p class=\"has-theme-palette-1-color has-text-color has-link-color wp-elements-120 wp-block-paragraph\">s\u00f3lo una vez pude hacerlo<\/p>\n\n\n\n<p class=\"has-theme-palette-1-color has-text-color has-link-color wp-elements-121 wp-block-paragraph\">no tuve otra oportunidad,<\/p>\n\n\n\n<p class=\"has-theme-palette-1-color has-text-color has-link-color wp-elements-122 wp-block-paragraph\">pero te aseguro<\/p>\n\n\n\n<p class=\"has-theme-palette-1-color has-text-color has-link-color wp-elements-123 wp-block-paragraph\">mi Virgen de la Piedad,<\/p>\n\n\n\n<p class=\"has-theme-palette-1-color has-text-color has-link-color wp-elements-124 wp-block-paragraph\">tengo el pleno convencimiento,<\/p>\n\n\n\n<p class=\"has-theme-palette-1-color has-text-color has-link-color wp-elements-125 wp-block-paragraph\">de que jam\u00e1s otro momento<\/p>\n\n\n\n<p class=\"has-theme-palette-1-color has-text-color has-link-color wp-elements-126 wp-block-paragraph\">igualar\u00e1 la felicidad<\/p>\n\n\n\n<p class=\"has-theme-palette-1-color has-text-color has-link-color wp-elements-127 wp-block-paragraph\">de aquel Jueves Santo<\/p>\n\n\n\n<p class=\"has-theme-palette-1-color has-text-color has-link-color wp-elements-128 wp-block-paragraph\">que te llev\u00e9 de la mano<\/p>\n\n\n\n<p class=\"has-theme-palette-1-color has-text-color has-link-color wp-elements-129 wp-block-paragraph\">para ense\u00f1arte como tu primer hermano<\/p>\n\n\n\n<p class=\"has-theme-palette-1-color has-text-color has-link-color wp-elements-130 wp-block-paragraph\">las calles de San Fernando.<\/p>\n\n\n\n<p class=\"has-theme-palette-1-color has-text-color has-link-color wp-elements-131 wp-block-paragraph\"><strong>CARLOS PEINADO S\u00c1NCHEZ DE LA MADRID<\/strong><\/p>\n\n\n\n<p class=\"has-theme-palette-1-color has-text-color has-link-color wp-elements-132 wp-block-paragraph\"><strong>A\u00f1o 2005<\/strong><\/p>\n\n\n\n<p class=\"has-theme-palette-1-color has-text-color has-link-color wp-elements-133 wp-block-paragraph\">\u2026Te tenemos hoy aqu\u00ed, has dejado el retablo de tu capilla para descender hasta nuestros pies, para presidir con tu hermosa figura el altar mayor de este templo, convertido en dosel por el mimo y buen hacer de tus priostes. Si, te tenemos muy cerca, tan s\u00f3lo por un d\u00eda, nos sabe poco, pero nos basta, para contemplar absortos tu belleza. Tus enormes ojos cargados de pena y de quebranto, el r\u00edo de tu llanto, regando tus sonrosadas mejillas, tus labios entreabiertos como queriendo dejar una queja de tanto dolor incontenido. Y tus manos, que hoy nos ofreces tendidas, para rendirte a ellas, con un beso, pleites\u00eda de amor y de cari\u00f1o. Yo quisiera Piedad en este d\u00eda, besarte con mi pobre poes\u00eda y darte en cada verso y cada estrofa de tu preg\u00f3n, un trozo de mi vida, que es toda tuya y darte en cada rima un beso, colm\u00e1ndote de cada folio una caricia, cautivado tan de cerca, Piedad m\u00eda, por tu belleza\u2026<\/p>\n\n\n\n<p class=\"has-theme-palette-1-color has-text-color has-link-color wp-elements-134 wp-block-paragraph\">Viniste de Sevilla,<\/p>\n\n\n\n<p class=\"has-theme-palette-1-color has-text-color has-link-color wp-elements-135 wp-block-paragraph\">una tarde de oto\u00f1o,<\/p>\n\n\n\n<p class=\"has-theme-palette-1-color has-text-color has-link-color wp-elements-136 wp-block-paragraph\">noviembre, por m\u00e1s se\u00f1as<\/p>\n\n\n\n<p class=\"has-theme-palette-1-color has-text-color has-link-color wp-elements-137 wp-block-paragraph\">en concreto un d\u00eda ocho.<\/p>\n\n\n\n<p class=\"has-theme-palette-1-color has-text-color has-link-color wp-elements-138 wp-block-paragraph\">Te trajeron prendidas.<\/p>\n\n\n\n<p class=\"has-theme-palette-1-color has-text-color has-link-color wp-elements-139 wp-block-paragraph\">oscuras golondrinas<\/p>\n\n\n\n<p class=\"has-theme-palette-1-color has-text-color has-link-color wp-elements-140 wp-block-paragraph\">para dejarte Madre.<\/p>\n\n\n\n<p class=\"has-theme-palette-1-color has-text-color has-link-color wp-elements-141 wp-block-paragraph\">por siempre en la Bah\u00eda.<\/p>\n\n\n\n<p class=\"has-theme-palette-1-color has-text-color has-link-color wp-elements-142 wp-block-paragraph\">San Fernando y sus hijos de la Misericordia,<\/p>\n\n\n\n<p class=\"has-theme-palette-1-color has-text-color has-link-color wp-elements-143 wp-block-paragraph\">te ofrecieron cobijo en la Divina Pastora.<\/p>\n\n\n\n<p class=\"has-theme-palette-1-color has-text-color has-link-color wp-elements-144 wp-block-paragraph\">Te abrieron de par en par<\/p>\n\n\n\n<p class=\"has-theme-palette-1-color has-text-color has-link-color wp-elements-145 wp-block-paragraph\">las puertas de su capilla.<\/p>\n\n\n\n<p class=\"has-theme-palette-1-color has-text-color has-link-color wp-elements-146 wp-block-paragraph\">te labraron un altar<\/p>\n\n\n\n<p class=\"has-theme-palette-1-color has-text-color has-link-color wp-elements-147 wp-block-paragraph\">te bautizaron Piedad.<\/p>\n\n\n\n<p class=\"has-theme-palette-1-color has-text-color has-link-color wp-elements-148 wp-block-paragraph\">te hicieron su Titular<\/p>\n\n\n\n<p class=\"has-theme-palette-1-color has-text-color has-link-color wp-elements-149 wp-block-paragraph\">y desde aquel dichoso d\u00eda,<\/p>\n\n\n\n<p class=\"has-theme-palette-1-color has-text-color has-link-color wp-elements-150 wp-block-paragraph\">bendecida ya tu imagen.<\/p>\n\n\n\n<p class=\"has-theme-palette-1-color has-text-color has-link-color wp-elements-151 wp-block-paragraph\">Te convertiste en su Madre<\/p>\n\n\n\n<p class=\"has-theme-palette-1-color has-text-color has-link-color wp-elements-152 wp-block-paragraph\">y en la Reina de sus vidas<\/p>\n\n\n\n<p class=\"has-theme-palette-1-color has-text-color has-link-color wp-elements-153 wp-block-paragraph\">y en su eterno baluarte<\/p>\n\n\n\n<p class=\"has-theme-palette-1-color has-text-color has-link-color wp-elements-154 wp-block-paragraph\">cuando vienen las desdichas<\/p>\n\n\n\n<p class=\"has-theme-palette-1-color has-text-color has-link-color wp-elements-155 wp-block-paragraph\">y en b\u00e1lsamo de sus males<\/p>\n\n\n\n<p class=\"has-theme-palette-1-color has-text-color has-link-color wp-elements-156 wp-block-paragraph\">cuando surgen las heridas.<\/p>\n\n\n\n<p class=\"has-theme-palette-1-color has-text-color has-link-color wp-elements-157 wp-block-paragraph\">Y eres faro que les gu\u00edas<\/p>\n\n\n\n<p class=\"has-theme-palette-1-color has-text-color has-link-color wp-elements-158 wp-block-paragraph\">cuando acechan temporales,<\/p>\n\n\n\n<p class=\"has-theme-palette-1-color has-text-color has-link-color wp-elements-159 wp-block-paragraph\">y eres tambi\u00e9n su sonrisa,<\/p>\n\n\n\n<p class=\"has-theme-palette-1-color has-text-color has-link-color wp-elements-160 wp-block-paragraph\">la causa de su alegr\u00eda.<\/p>\n\n\n\n<p class=\"has-theme-palette-1-color has-text-color has-link-color wp-elements-161 wp-block-paragraph\">y eres cada Jueves Santo e<\/p>\n\n\n\n<p class=\"has-theme-palette-1-color has-text-color has-link-color wp-elements-162 wp-block-paragraph\">entronizada en tu palio<\/p>\n\n\n\n<p class=\"has-theme-palette-1-color has-text-color has-link-color wp-elements-163 wp-block-paragraph\">el andar por San Fernando,<\/p>\n\n\n\n<p class=\"has-theme-palette-1-color has-text-color has-link-color wp-elements-164 wp-block-paragraph\">para ellos la gloria misma.<\/p>\n\n\n\n<p class=\"has-vivid-cyan-blue-color has-text-color has-link-color wp-elements-165 wp-block-paragraph\"><strong>JUAN CARLOS COLLANTES FAZ<br>A\u00f1o 2010<\/strong><\/p>\n\n\n\n<p class=\"has-vivid-cyan-blue-color has-text-color has-link-color wp-elements-166 wp-block-paragraph\">Por tanto, seguir\u00e9 por los caminos del sentimiento y la sensibilidad del cofrade, evocando aquellos momentos vividos. Dec\u00eda que te conoc\u00ed en un tiempo fr\u00edo como el de ahora, llegaste como una luz a mi vida, para darle sentido y camino. El sal\u00f3n de nuestra casa convertido en capilla y en casa de Hermandad, so\u00f1ando en tu bendici\u00f3n y en tu hermoso palio caminando por las calles de La Isla.<\/p>\n\n\n\n<p class=\"has-vivid-cyan-blue-color has-text-color has-link-color wp-elements-167 wp-block-paragraph\">Mi madre con celo te guardaba de curiosos que quer\u00edan conocerte, ella fue tu primera camarista Piedad. Mis abuelos te ped\u00edan que les diera salud para verte procesionar muchos a\u00f1os\u2026cuantos recuerdos maravillosos guardan tus hijos de esos d\u00edas previos a tu bendici\u00f3n, de aquellos d\u00edas cuando viniste y llegaste a nuestras vidas, de aquellos d\u00edas cuando te conoc\u00ed, Piedad.&nbsp;<\/p>\n\n\n\n<p class=\"has-vivid-cyan-blue-color has-text-color has-link-color wp-elements-168 wp-block-paragraph\">Se hac\u00eda noviembre de noche,<\/p>\n\n\n\n<p class=\"has-vivid-cyan-blue-color has-text-color has-link-color wp-elements-169 wp-block-paragraph\">llegaste Piedad de Sevilla.<\/p>\n\n\n\n<p class=\"has-vivid-cyan-blue-color has-text-color has-link-color wp-elements-170 wp-block-paragraph\">En mi casa un altar<\/p>\n\n\n\n<p class=\"has-vivid-cyan-blue-color has-text-color has-link-color wp-elements-171 wp-block-paragraph\">con flores por las esquinas.<\/p>\n\n\n\n<p class=\"has-vivid-cyan-blue-color has-text-color has-link-color wp-elements-172 wp-block-paragraph\">Un monaguillo chiquito&nbsp;<\/p>\n\n\n\n<p class=\"has-vivid-cyan-blue-color has-text-color has-link-color wp-elements-173 wp-block-paragraph\">para tus ojos que iluminan<\/p>\n\n\n\n<p class=\"has-vivid-cyan-blue-color has-text-color has-link-color wp-elements-174 wp-block-paragraph\">en el manantial de tu calma<\/p>\n\n\n\n<p class=\"has-vivid-cyan-blue-color has-text-color has-link-color wp-elements-175 wp-block-paragraph\">toda mi infancia y mi vida.<\/p>\n\n\n\n<p class=\"has-vivid-cyan-blue-color has-text-color has-link-color wp-elements-176 wp-block-paragraph\">Te buscaban sin cesar<\/p>\n\n\n\n<p class=\"has-vivid-cyan-blue-color has-text-color has-link-color wp-elements-177 wp-block-paragraph\">a la puerta las vecinas,<\/p>\n\n\n\n<p class=\"has-vivid-cyan-blue-color has-text-color has-link-color wp-elements-178 wp-block-paragraph\">como madre de Dios bendito,<\/p>\n\n\n\n<p class=\"has-vivid-cyan-blue-color has-text-color has-link-color wp-elements-179 wp-block-paragraph\">como rumor que se adivina,<\/p>\n\n\n\n<p class=\"has-vivid-cyan-blue-color has-text-color has-link-color wp-elements-180 wp-block-paragraph\">para dar consuelo a las almas&nbsp;<\/p>\n\n\n\n<p class=\"has-vivid-cyan-blue-color has-text-color has-link-color wp-elements-181 wp-block-paragraph\">que se encuentran perdidas.<\/p>\n\n\n\n<p class=\"has-vivid-cyan-blue-color has-text-color has-link-color wp-elements-182 wp-block-paragraph\">Tu Hijo henchido de amor<\/p>\n\n\n\n<p class=\"has-vivid-cyan-blue-color has-text-color has-link-color wp-elements-183 wp-block-paragraph\">se recrea en la maravilla<\/p>\n\n\n\n<p class=\"has-vivid-cyan-blue-color has-text-color has-link-color wp-elements-184 wp-block-paragraph\">de esperar la linda flor<\/p>\n\n\n\n<p class=\"has-vivid-cyan-blue-color has-text-color has-link-color wp-elements-185 wp-block-paragraph\">del perfil de tu mejilla.<\/p>\n\n\n\n<p class=\"has-vivid-cyan-blue-color has-text-color has-link-color wp-elements-186 wp-block-paragraph\">Se hac\u00eda noviembre de noche<\/p>\n\n\n\n<p class=\"has-vivid-cyan-blue-color has-text-color has-link-color wp-elements-187 wp-block-paragraph\">me dabas la vida misma.<\/p>\n\n\n\n<p class=\"has-vivid-cyan-blue-color has-text-color has-link-color wp-elements-188 wp-block-paragraph\">Mar\u00eda Sant\u00edsima de la Piedad<\/p>\n\n\n\n<p class=\"has-vivid-cyan-blue-color has-text-color has-link-color wp-elements-189 wp-block-paragraph\">trae un \u201cquejio\u201d de Sevilla.&nbsp;<\/p>\n\n\n\n<p class=\"has-vivid-cyan-blue-color has-text-color has-link-color wp-elements-190 wp-block-paragraph\">Regalaste madre tu mirada<\/p>\n\n\n\n<p class=\"has-vivid-cyan-blue-color has-text-color has-link-color wp-elements-191 wp-block-paragraph\">en estas calles antiguas,&nbsp;<\/p>\n\n\n\n<p class=\"has-vivid-cyan-blue-color has-text-color has-link-color wp-elements-192 wp-block-paragraph\">en este barrio de ley<\/p>\n\n\n\n<p class=\"has-vivid-cyan-blue-color has-text-color has-link-color wp-elements-193 wp-block-paragraph\">del salitre y la sapina.<\/p>\n\n\n\n<p class=\"has-vivid-cyan-blue-color has-text-color has-link-color wp-elements-194 wp-block-paragraph\">A\u00fan resuena la salve<\/p>\n\n\n\n<p class=\"has-vivid-cyan-blue-color has-text-color has-link-color wp-elements-195 wp-block-paragraph\">y el serm\u00f3n de la homil\u00eda<\/p>\n\n\n\n<p class=\"has-vivid-cyan-blue-color has-text-color has-link-color wp-elements-196 wp-block-paragraph\">y aquella sentida saeta<\/p>\n\n\n\n<p class=\"has-vivid-cyan-blue-color has-text-color has-link-color wp-elements-197 wp-block-paragraph\">de la plegaria m\u00e1s limpia.<\/p>\n\n\n\n<p class=\"has-vivid-cyan-blue-color has-text-color has-link-color wp-elements-198 wp-block-paragraph\">Se hac\u00eda noviembre de noche,<\/p>\n\n\n\n<p class=\"has-vivid-cyan-blue-color has-text-color has-link-color wp-elements-199 wp-block-paragraph\">noviembre de noche fr\u00eda.<\/p>\n\n\n\n<p class=\"has-vivid-cyan-blue-color has-text-color has-link-color wp-elements-200 wp-block-paragraph\">Para tu majestad un altar<\/p>\n\n\n\n<p class=\"has-vivid-cyan-blue-color has-text-color has-link-color wp-elements-201 wp-block-paragraph\">en tu Pastora divina.<\/p>\n\n\n\n<p class=\"has-vivid-cyan-blue-color has-text-color has-link-color wp-elements-202 wp-block-paragraph\">Eres reina de bondad<\/p>\n\n\n\n<p class=\"has-vivid-cyan-blue-color has-text-color has-link-color wp-elements-203 wp-block-paragraph\">desde esa noche bendita,<\/p>\n\n\n\n<p class=\"has-vivid-cyan-blue-color has-text-color has-link-color wp-elements-204 wp-block-paragraph\">eres madre de Piedad<\/p>\n\n\n\n<p class=\"has-vivid-cyan-blue-color has-text-color has-link-color wp-elements-205 wp-block-paragraph\">sin pecado concebida.<\/p>\n\n\n\n<p class=\"has-vivid-cyan-blue-color has-text-color has-link-color wp-elements-206 wp-block-paragraph\">Para anocheceres en vela,<\/p>\n\n\n\n<p class=\"has-vivid-cyan-blue-color has-text-color has-link-color wp-elements-207 wp-block-paragraph\">la oraci\u00f3n en tu capilla.<\/p>\n\n\n\n<p class=\"has-vivid-cyan-blue-color has-text-color has-link-color wp-elements-208 wp-block-paragraph\">Mi casa fue un altar<\/p>\n\n\n\n<p class=\"has-vivid-cyan-blue-color has-text-color has-link-color wp-elements-209 wp-block-paragraph\">de flores por las esquinas.<\/p>\n\n\n\n<p class=\"has-vivid-cyan-blue-color has-text-color has-link-color wp-elements-210 wp-block-paragraph\">Aquel monaguillo chiquito<\/p>\n\n\n\n<p class=\"has-vivid-cyan-blue-color has-text-color has-link-color wp-elements-211 wp-block-paragraph\">te dio la infancia y la vida.<\/p>\n\n\n\n<p class=\"has-vivid-cyan-blue-color has-text-color has-link-color wp-elements-212 wp-block-paragraph\">Te llevaste el coraz\u00f3n<\/p>\n\n\n\n<p class=\"has-vivid-cyan-blue-color has-text-color has-link-color wp-elements-213 wp-block-paragraph\">aquella tarde sencilla.<\/p>\n\n\n\n<p class=\"has-vivid-cyan-blue-color has-text-color has-link-color wp-elements-214 wp-block-paragraph\">Me robaste el coraz\u00f3n Piedad,<\/p>\n\n\n\n<p class=\"has-vivid-cyan-blue-color has-text-color has-link-color wp-elements-215 wp-block-paragraph\">cuando llegaste de Sevilla.<\/p>\n\n\n\n<p class=\"has-theme-palette-1-color has-text-color has-link-color wp-elements-216 wp-block-paragraph\"><strong>MAR\u00cdA JOS\u00c9 CAO RONDAN<\/strong><\/p>\n\n\n\n<p class=\"has-theme-palette-1-color has-text-color has-link-color wp-elements-217 wp-block-paragraph\"><strong>A\u00f1o 2015<\/strong><\/p>\n\n\n\n<p class=\"has-theme-palette-1-color has-text-color has-link-color wp-elements-218 wp-block-paragraph\">Gloria en los cielos y alabanzas al Se\u00f1or,<\/p>\n\n\n\n<p class=\"has-theme-palette-1-color has-text-color has-link-color wp-elements-219 wp-block-paragraph\">Que con la divina presencia \u00e9l nos entreg\u00f3.<\/p>\n\n\n\n<p class=\"has-theme-palette-1-color has-text-color has-link-color wp-elements-220 wp-block-paragraph\">El camino m\u00e1s directo para llegar a la redenci\u00f3n.<\/p>\n\n\n\n<p class=\"has-theme-palette-1-color has-text-color has-link-color wp-elements-221 wp-block-paragraph\">Tu inigualable belleza, Palidece a las azucenas.<\/p>\n\n\n\n<p class=\"has-theme-palette-1-color has-text-color has-link-color wp-elements-222 wp-block-paragraph\">Que florecen en este barrio.<\/p>\n\n\n\n<p class=\"has-theme-palette-1-color has-text-color has-link-color wp-elements-223 wp-block-paragraph\">y se asoman tras las almenas.<\/p>\n\n\n\n<p class=\"has-theme-palette-1-color has-text-color has-link-color wp-elements-224 wp-block-paragraph\">entre azul y plata<\/p>\n\n\n\n<p class=\"has-theme-palette-1-color has-text-color has-link-color wp-elements-225 wp-block-paragraph\">la reina de las v\u00edrgenes,<\/p>\n\n\n\n<p class=\"has-theme-palette-1-color has-text-color has-link-color wp-elements-226 wp-block-paragraph\">Por mi Isla camina<\/p>\n\n\n\n<p class=\"has-theme-palette-1-color has-text-color has-link-color wp-elements-227 wp-block-paragraph\">entre aromas que trasminan<\/p>\n\n\n\n<p class=\"has-theme-palette-1-color has-text-color has-link-color wp-elements-228 wp-block-paragraph\">Piedad, que, al llegar de nuevo al barrio,<\/p>\n\n\n\n<p class=\"has-theme-palette-1-color has-text-color has-link-color wp-elements-229 wp-block-paragraph\">te tornas salinera, y abrazas de nuevo al pueblo,<\/p>\n\n\n\n<p class=\"has-theme-palette-1-color has-text-color has-link-color wp-elements-230 wp-block-paragraph\">repartiendo tus gracias a manos llenas.<\/p>\n\n\n\n<p class=\"has-theme-palette-1-color has-text-color has-link-color wp-elements-231 wp-block-paragraph\">Piedad hermosura divina,<\/p>\n\n\n\n<p class=\"has-theme-palette-1-color has-text-color has-link-color wp-elements-232 wp-block-paragraph\">Rosa de Jeric\u00f3,<\/p>\n\n\n\n<p class=\"has-theme-palette-1-color has-text-color has-link-color wp-elements-233 wp-block-paragraph\">que desprendida de los cielos,<\/p>\n\n\n\n<p class=\"has-theme-palette-1-color has-text-color has-link-color wp-elements-234 wp-block-paragraph\">en la pastora qued\u00f3.<\/p>\n\n\n\n<p class=\"has-theme-palette-1-color has-text-color has-link-color wp-elements-235 wp-block-paragraph\">Madre piadosa y clemente,<\/p>\n\n\n\n<p class=\"has-theme-palette-1-color has-text-color has-link-color wp-elements-236 wp-block-paragraph\">que, hasta los astros celestes,<\/p>\n\n\n\n<p class=\"has-theme-palette-1-color has-text-color has-link-color wp-elements-237 wp-block-paragraph\">se postran a tus plantas,<\/p>\n\n\n\n<p class=\"has-theme-palette-1-color has-text-color has-link-color wp-elements-238 wp-block-paragraph\">y giran para poder verte.<\/p>\n\n\n\n<p class=\"has-theme-palette-1-color has-text-color has-link-color wp-elements-239 wp-block-paragraph\">\u00c1branse pues, p\u00f3rticos y ventanales,<\/p>\n\n\n\n<p class=\"has-theme-palette-1-color has-text-color has-link-color wp-elements-240 wp-block-paragraph\">que los \u00e1ngeles puedan aclamar,<\/p>\n\n\n\n<p class=\"has-theme-palette-1-color has-text-color has-link-color wp-elements-241 wp-block-paragraph\">que hoy en besamanos esta,<\/p>\n\n\n\n<p class=\"has-theme-palette-1-color has-text-color has-link-color wp-elements-242 wp-block-paragraph\">la madre de toda la humanidad.<\/p>\n\n\n\n<p class=\"has-theme-palette-1-color has-text-color has-link-color wp-elements-243 wp-block-paragraph\">Y de coros celestiales se pueda escuchar,<\/p>\n\n\n\n<p class=\"has-theme-palette-1-color has-text-color has-link-color wp-elements-244 wp-block-paragraph\">que t\u00fa eres Piedad, due\u00f1a y corredentora,<\/p>\n\n\n\n<p class=\"has-theme-palette-1-color has-text-color has-link-color wp-elements-245 wp-block-paragraph\">del Jueves Santo Se\u00f1ora,<\/p>\n\n\n\n<p class=\"has-theme-palette-1-color has-text-color has-link-color wp-elements-246 wp-block-paragraph\">y por siempre.<\/p>\n\n\n\n<p class=\"has-theme-palette-1-color has-text-color has-link-color wp-elements-247 wp-block-paragraph\">Piedad, Reina de la pastora.<\/p>\n\n\n\n<p class=\"has-theme-palette-1-color has-text-color has-link-color wp-elements-248 wp-block-paragraph\"><strong>JUAN JOS\u00c9 ROMERO RUIZ<\/strong><\/p>\n\n\n\n<p class=\"has-theme-palette-1-color has-text-color has-link-color wp-elements-249 wp-block-paragraph\"><strong>A\u00f1o 2021<\/strong><\/p>\n\n\n\n<p class=\"has-theme-palette-1-color has-text-color has-link-color wp-elements-250 wp-block-paragraph\">\u00a1Poder besarle la mano<\/p>\n\n\n\n<p class=\"has-theme-palette-1-color has-text-color has-link-color wp-elements-251 wp-block-paragraph\">a la Reina de los Cielos!<\/p>\n\n\n\n<p class=\"has-theme-palette-1-color has-text-color has-link-color wp-elements-252 wp-block-paragraph\">\u00bfHabr\u00e1 un detalle m\u00e1s grande<\/p>\n\n\n\n<p class=\"has-theme-palette-1-color has-text-color has-link-color wp-elements-253 wp-block-paragraph\">&nbsp;con un gesto tan peque\u00f1o?<\/p>\n\n\n\n<p class=\"has-theme-palette-1-color has-text-color has-link-color wp-elements-254 wp-block-paragraph\">Yo creo que no hermano,<\/p>\n\n\n\n<p class=\"has-theme-palette-1-color has-text-color has-link-color wp-elements-255 wp-block-paragraph\">forma parte de tu Credo.<\/p>\n\n\n\n<p class=\"has-theme-palette-1-color has-text-color has-link-color wp-elements-256 wp-block-paragraph\">Pero ese \u00edntimo instante<\/p>\n\n\n\n<p class=\"has-theme-palette-1-color has-text-color has-link-color wp-elements-257 wp-block-paragraph\">tendr\u00e1 que ir concluyendo,<\/p>\n\n\n\n<p class=\"has-theme-palette-1-color has-text-color has-link-color wp-elements-258 wp-block-paragraph\">deber\u00e1s soltar su mano<\/p>\n\n\n\n<p class=\"has-theme-palette-1-color has-text-color has-link-color wp-elements-259 wp-block-paragraph\">&nbsp;para irte despidiendo<\/p>\n\n\n\n<p class=\"has-theme-palette-1-color has-text-color has-link-color wp-elements-260 wp-block-paragraph\">&nbsp;y antes de irte,<\/p>\n\n\n\n<p class=\"has-theme-palette-1-color has-text-color has-link-color wp-elements-261 wp-block-paragraph\">un suspiro cargado de sentimiento<\/p>\n\n\n\n<p class=\"has-theme-palette-1-color has-text-color has-link-color wp-elements-262 wp-block-paragraph\">&nbsp;y una \u00faltima mirada<\/p>\n\n\n\n<p class=\"has-theme-palette-1-color has-text-color has-link-color wp-elements-263 wp-block-paragraph\">que la llevar\u00e1s grabada<\/p>\n\n\n\n<p class=\"has-theme-palette-1-color has-text-color has-link-color wp-elements-264 wp-block-paragraph\">para siempre en tus adentros.<\/p>\n\n\n\n<p class=\"has-theme-palette-1-color has-text-color has-link-color wp-elements-265 wp-block-paragraph\">Mirad que cosa m\u00e1s grande y tan cerca lo tenemos.<\/p>\n\n\n\n<p class=\"has-theme-palette-1-color has-text-color has-link-color wp-elements-266 wp-block-paragraph\">Las manos de la Piedad<\/p>\n\n\n\n<p class=\"has-theme-palette-1-color has-text-color has-link-color wp-elements-267 wp-block-paragraph\">son un regalo del cielo,<\/p>\n\n\n\n<p class=\"has-theme-palette-1-color has-text-color has-link-color wp-elements-268 wp-block-paragraph\">f\u00edjate en ellas hermano<\/p>\n\n\n\n<p class=\"has-theme-palette-1-color has-text-color has-link-color wp-elements-269 wp-block-paragraph\">cuando acudas a su encuentro.<\/p>\n\n\n\n<p class=\"has-theme-palette-1-color has-text-color has-link-color wp-elements-270 wp-block-paragraph\">Que en una cabe su pena<\/p>\n\n\n\n<p class=\"has-theme-palette-1-color has-text-color has-link-color wp-elements-271 wp-block-paragraph\">prendida en blanco pa\u00f1uelo<\/p>\n\n\n\n<p class=\"has-theme-palette-1-color has-text-color has-link-color wp-elements-272 wp-block-paragraph\">&nbsp;y la otra es pa demostrarle<\/p>\n\n\n\n<p class=\"has-theme-palette-1-color has-text-color has-link-color wp-elements-273 wp-block-paragraph\">&nbsp;lo mucho que la queremos.<\/p>\n\n\n\n<p class=\"has-theme-palette-1-color has-text-color has-link-color wp-elements-274 wp-block-paragraph\">As\u00ed te lo cuento hermano,<\/p>\n\n\n\n<p class=\"has-theme-palette-1-color has-text-color has-link-color wp-elements-275 wp-block-paragraph\">&nbsp;as\u00ed es como yo la veo<\/p>\n\n\n\n<p class=\"has-theme-palette-1-color has-text-color has-link-color wp-elements-276 wp-block-paragraph\">\u00e7 cuando me acerco a buscarla<\/p>\n\n\n\n<p class=\"has-theme-palette-1-color has-text-color has-link-color wp-elements-277 wp-block-paragraph\">en ese rinc\u00f3n del templo.<\/p>\n\n\n\n<p class=\"has-theme-palette-1-color has-text-color has-link-color wp-elements-278 wp-block-paragraph\">Me perder\u00e9 en su mirada<\/p>\n\n\n\n<p class=\"has-theme-palette-1-color has-text-color has-link-color wp-elements-279 wp-block-paragraph\">y en su carita de ensue\u00f1o<\/p>\n\n\n\n<p class=\"has-theme-palette-1-color has-text-color has-link-color wp-elements-280 wp-block-paragraph\">pero tambi\u00e9n en sus manos<\/p>\n\n\n\n<p class=\"has-theme-palette-1-color has-text-color has-link-color wp-elements-281 wp-block-paragraph\">&nbsp;que siempre me est\u00e1 ofreciendo<\/p>\n\n\n\n<p class=\"has-theme-palette-1-color has-text-color has-link-color wp-elements-282 wp-block-paragraph\">y al verlas recordar\u00e9<\/p>\n\n\n\n<p class=\"has-theme-palette-1-color has-text-color has-link-color wp-elements-283 wp-block-paragraph\">aquel canto rociero<\/p>\n\n\n\n<p class=\"has-theme-palette-1-color has-text-color has-link-color wp-elements-284 wp-block-paragraph\">esa hermosa sevillana<\/p>\n\n\n\n<p class=\"has-theme-palette-1-color has-text-color has-link-color wp-elements-285 wp-block-paragraph\">que nos dice entre sus versos&#8230;<\/p>\n\n\n\n<p class=\"has-theme-palette-1-color has-text-color has-link-color wp-elements-286 wp-block-paragraph\">QUE AUNQUE SU CARA ES BONITA YO CON SUS MANOS ME QUEDO.<\/p>\n\n\n\n<p class=\"has-theme-palette-1-color has-text-color has-link-color wp-elements-287 wp-block-paragraph\"><strong>INMACULADA C\u00c1LIZ GONZ\u00c1LEZ<\/strong><\/p>\n\n\n\n<p class=\"has-theme-palette-1-color has-text-color has-link-color wp-elements-288 wp-block-paragraph\"><strong>P\u00f3rtico de Aniversario \u2013 2024<\/strong><\/p>\n\n\n\n<p class=\"has-theme-palette-1-color has-text-color has-link-color wp-elements-289 wp-block-paragraph\">La Virgen lleg\u00f3 a la Isla<\/p>\n\n\n\n<p class=\"has-theme-palette-1-color has-text-color has-link-color wp-elements-290 wp-block-paragraph\">con luceros de tosantos,<\/p>\n\n\n\n<p class=\"has-theme-palette-1-color has-text-color has-link-color wp-elements-291 wp-block-paragraph\">Noviembre le abri\u00f3 las puertas<\/p>\n\n\n\n<p class=\"has-theme-palette-1-color has-text-color has-link-color wp-elements-292 wp-block-paragraph\">y el coraz\u00f3n le dio un salto.<\/p>\n\n\n\n<p class=\"has-theme-palette-1-color has-text-color has-link-color wp-elements-293 wp-block-paragraph\">La casualidad no existe.<\/p>\n\n\n\n<p class=\"has-theme-palette-1-color has-text-color has-link-color wp-elements-294 wp-block-paragraph\">\u00bfNadie se para a pensarlo?<\/p>\n\n\n\n<p class=\"has-theme-palette-1-color has-text-color has-link-color wp-elements-295 wp-block-paragraph\">Otra vez se proclamaba<\/p>\n\n\n\n<p class=\"has-theme-palette-1-color has-text-color has-link-color wp-elements-296 wp-block-paragraph\">&nbsp;la grandeza de lo alto,<\/p>\n\n\n\n<p class=\"has-theme-palette-1-color has-text-color has-link-color wp-elements-297 wp-block-paragraph\">al no tener levadura<\/p>\n\n\n\n<p class=\"has-theme-palette-1-color has-text-color has-link-color wp-elements-298 wp-block-paragraph\">y ser inmenso el pan \u00e1cimo.<\/p>\n\n\n\n<p class=\"has-theme-palette-1-color has-text-color has-link-color wp-elements-299 wp-block-paragraph\">Cuando una Madre nos abre<\/p>\n\n\n\n<p class=\"has-theme-palette-1-color has-text-color has-link-color wp-elements-300 wp-block-paragraph\">el coraz\u00f3n de su abrazo,<\/p>\n\n\n\n<p class=\"has-theme-palette-1-color has-text-color has-link-color wp-elements-301 wp-block-paragraph\">y la espera de sus hijos<\/p>\n\n\n\n<p class=\"has-theme-palette-1-color has-text-color has-link-color wp-elements-302 wp-block-paragraph\">se ha contado, cual rosario,<\/p>\n\n\n\n<p class=\"has-theme-palette-1-color has-text-color has-link-color wp-elements-303 wp-block-paragraph\">librando batalla al tiempo.<\/p>\n\n\n\n<p class=\"has-theme-palette-1-color has-text-color has-link-color wp-elements-304 wp-block-paragraph\">Semanas, meses y a\u00f1os,<\/p>\n\n\n\n<p class=\"has-theme-palette-1-color has-text-color has-link-color wp-elements-305 wp-block-paragraph\">no hay lugar en este mundo<\/p>\n\n\n\n<p class=\"has-theme-palette-1-color has-text-color has-link-color wp-elements-306 wp-block-paragraph\">&nbsp;que no acoja el gran regalo<\/p>\n\n\n\n<p class=\"has-theme-palette-1-color has-text-color has-link-color wp-elements-307 wp-block-paragraph\">de ser altar de improviso<\/p>\n\n\n\n<p class=\"has-theme-palette-1-color has-text-color has-link-color wp-elements-308 wp-block-paragraph\">para el rosal de sus pasos.<\/p>\n\n\n\n<p class=\"has-theme-palette-1-color has-text-color has-link-color wp-elements-309 wp-block-paragraph\">En la casa de Collantes&#8230;<\/p>\n\n\n\n<p class=\"has-theme-palette-1-color has-text-color has-link-color wp-elements-310 wp-block-paragraph\">Quien fuera suelo de m\u00e1rmol,<\/p>\n\n\n\n<p class=\"has-theme-palette-1-color has-text-color has-link-color wp-elements-311 wp-block-paragraph\">alfombra, reclinatorio,<\/p>\n\n\n\n<p class=\"has-theme-palette-1-color has-text-color has-link-color wp-elements-312 wp-block-paragraph\">sal\u00f3n, pasillo o despacho<\/p>\n\n\n\n<p class=\"has-theme-palette-1-color has-text-color has-link-color wp-elements-313 wp-block-paragraph\">donde durmi\u00f3 la Piedad<\/p>\n\n\n\n<p class=\"has-theme-palette-1-color has-text-color has-link-color wp-elements-314 wp-block-paragraph\">la ternura de su llanto.<\/p>\n\n\n\n<p class=\"has-theme-palette-1-color has-text-color has-link-color wp-elements-315 wp-block-paragraph\">Un Magnificat de gozo<\/p>\n\n\n\n<p class=\"has-theme-palette-1-color has-text-color has-link-color wp-elements-316 wp-block-paragraph\">enaltecieron los labios<\/p>\n\n\n\n<p class=\"has-theme-palette-1-color has-text-color has-link-color wp-elements-317 wp-block-paragraph\">de aquella veneraci\u00f3n,<\/p>\n\n\n\n<p class=\"has-theme-palette-1-color has-text-color has-link-color wp-elements-318 wp-block-paragraph\">que su hermandad quiso tanto.<\/p>\n\n\n\n<p class=\"has-theme-palette-1-color has-text-color has-link-color wp-elements-319 wp-block-paragraph\">\u00a1Qu\u00e9 regalo te hizo Dios,<\/p>\n\n\n\n<p class=\"has-theme-palette-1-color has-text-color has-link-color wp-elements-320 wp-block-paragraph\">llen\u00f3 de Gloria ese cuarto&#8230; i<\/p>\n\n\n\n<p class=\"has-theme-palette-1-color has-text-color has-link-color wp-elements-321 wp-block-paragraph\">y bendijo a tu familia<\/p>\n\n\n\n<p class=\"has-theme-palette-1-color has-text-color has-link-color wp-elements-322 wp-block-paragraph\">por tu Amor hospitalario,<\/p>\n\n\n\n<p class=\"has-theme-palette-1-color has-text-color has-link-color wp-elements-323 wp-block-paragraph\">teniendo tu nombre un sitio<\/p>\n\n\n\n<p class=\"has-theme-palette-1-color has-text-color has-link-color wp-elements-324 wp-block-paragraph\">como el ap\u00f3stol de un salmo.<\/p>\n\n\n\n<p class=\"has-theme-palette-1-color has-text-color has-link-color wp-elements-325 wp-block-paragraph\">As\u00ed cabe el Universo<\/p>\n\n\n\n<p class=\"has-theme-palette-1-color has-text-color has-link-color wp-elements-326 wp-block-paragraph\">en la fe de un incensario,<\/p>\n\n\n\n<p class=\"has-theme-palette-1-color has-text-color has-link-color wp-elements-327 wp-block-paragraph\">porque si el Se\u00f1or lo quiere,<\/p>\n\n\n\n<p class=\"has-theme-palette-1-color has-text-color has-link-color wp-elements-328 wp-block-paragraph\">funde el brillo de los astros<\/p>\n\n\n\n<p class=\"has-theme-palette-1-color has-text-color has-link-color wp-elements-329 wp-block-paragraph\">y se lo pone a su Madre,<\/p>\n\n\n\n<p class=\"has-theme-palette-1-color has-text-color has-link-color wp-elements-330 wp-block-paragraph\">entre sus encajes blancos.<\/p>\n\n\n\n<p class=\"has-theme-palette-1-color has-text-color has-link-color wp-elements-331 wp-block-paragraph\">La Isla tiene una Rosa<\/p>\n\n\n\n<p class=\"has-theme-palette-1-color has-text-color has-link-color wp-elements-332 wp-block-paragraph\">bendecida por su barrio,<\/p>\n\n\n\n<p class=\"has-theme-palette-1-color has-text-color has-link-color wp-elements-333 wp-block-paragraph\">que sube al altar de Cristo<\/p>\n\n\n\n<p class=\"has-theme-palette-1-color has-text-color has-link-color wp-elements-334 wp-block-paragraph\">como una novia del brazo.<\/p>\n\n\n\n<p class=\"has-theme-palette-1-color has-text-color has-link-color wp-elements-335 wp-block-paragraph\">Piedad de la Inmaculada&#8230;<\/p>\n\n\n\n<p class=\"has-theme-palette-1-color has-text-color has-link-color wp-elements-336 wp-block-paragraph\">Diciembre desde lo alto<\/p>\n\n\n\n<p class=\"has-theme-palette-1-color has-text-color has-link-color wp-elements-337 wp-block-paragraph\"><strong>alumbr\u00f3 la encarnadura<\/strong><\/p>\n\n\n\n<p class=\"has-theme-palette-1-color has-text-color has-link-color wp-elements-338 wp-block-paragraph\"><strong>del tiemblo de tu regazo.<\/strong><\/p>\n\n\n\n<p class=\"has-theme-palette-1-color has-text-color has-link-color wp-elements-339 wp-block-paragraph\">Qu\u00e9 hermosa tu bendici\u00f3n,<\/p>\n\n\n\n<p class=\"has-theme-palette-1-color has-text-color has-link-color wp-elements-340 wp-block-paragraph\">cuanto tiempo la so\u00f1aron,<\/p>\n\n\n\n<p class=\"has-theme-palette-1-color has-text-color has-link-color wp-elements-341 wp-block-paragraph\">&nbsp;con que alegr\u00eda las campanas<\/p>\n\n\n\n<p class=\"has-theme-palette-1-color has-text-color has-link-color wp-elements-342 wp-block-paragraph\">&nbsp;por la isla proclamaron<\/p>\n\n\n\n<p class=\"has-theme-palette-1-color has-text-color has-link-color wp-elements-343 wp-block-paragraph\">&nbsp;la licencia vaticana,<\/p>\n\n\n\n<p class=\"has-theme-palette-1-color has-text-color has-link-color wp-elements-344 wp-block-paragraph\">de tu primer besamanos.<\/p>\n\n\n\n<p class=\"has-theme-palette-1-color has-text-color has-link-color wp-elements-345 wp-block-paragraph\">Piedad de Misericordia,<\/p>\n\n\n\n<p class=\"has-theme-palette-1-color has-text-color has-link-color wp-elements-346 wp-block-paragraph\">Lumbre de casas y patios,<\/p>\n\n\n\n<p class=\"has-theme-palette-1-color has-text-color has-link-color wp-elements-347 wp-block-paragraph\">Consuelo de pleamares,<\/p>\n\n\n\n<p class=\"has-theme-palette-1-color has-text-color has-link-color wp-elements-348 wp-block-paragraph\">Vela Mayor de los barcos<\/p>\n\n\n\n<p class=\"has-theme-palette-1-color has-text-color has-link-color wp-elements-349 wp-block-paragraph\">que van sin rumbo en la vida,<\/p>\n\n\n\n<p class=\"has-theme-palette-1-color has-text-color has-link-color wp-elements-350 wp-block-paragraph\">dragados por el des\u00e1nimo.<\/p>\n\n\n\n<p class=\"has-theme-palette-1-color has-text-color has-link-color wp-elements-351 wp-block-paragraph\">Te convertiste en la Madre<\/p>\n\n\n\n<p class=\"has-theme-palette-1-color has-text-color has-link-color wp-elements-352 wp-block-paragraph\">de los eternos abrazos,<\/p>\n\n\n\n<p class=\"has-theme-palette-1-color has-text-color has-link-color wp-elements-353 wp-block-paragraph\">porque encontrarte, Se\u00f1ora,<\/p>\n\n\n\n<p class=\"has-theme-palette-1-color has-text-color has-link-color wp-elements-354 wp-block-paragraph\">en la quietud de tu espacio,<\/p>\n\n\n\n<p class=\"has-theme-palette-1-color has-text-color has-link-color wp-elements-355 wp-block-paragraph\">abrigando en la mirada<\/p>\n\n\n\n<p class=\"has-theme-palette-1-color has-text-color has-link-color wp-elements-356 wp-block-paragraph\">a todo el desamparado,<\/p>\n\n\n\n<p class=\"has-theme-palette-1-color has-text-color has-link-color wp-elements-357 wp-block-paragraph\">removi\u00f3 aquellos puntales<\/p>\n\n\n\n<p class=\"has-theme-palette-1-color has-text-color has-link-color wp-elements-358 wp-block-paragraph\">de los que no te besaron.<\/p>\n\n\n\n<p class=\"has-theme-palette-1-color has-text-color has-link-color wp-elements-359 wp-block-paragraph\">Desde el d\u00eda que llegaste,<\/p>\n\n\n\n<p class=\"has-theme-palette-1-color has-text-color has-link-color wp-elements-360 wp-block-paragraph\">el molde rompi\u00f3 sus trazos,<\/p>\n\n\n\n<p class=\"has-theme-palette-1-color has-text-color has-link-color wp-elements-361 wp-block-paragraph\">y la parroquia entregada,<\/p>\n\n\n\n<p class=\"has-theme-palette-1-color has-text-color has-link-color wp-elements-362 wp-block-paragraph\">quiso abrirse en el costado,<\/p>\n\n\n\n<p class=\"has-theme-palette-1-color has-text-color has-link-color wp-elements-363 wp-block-paragraph\">una puerta que manara<\/p>\n\n\n\n<p class=\"has-theme-palette-1-color has-text-color has-link-color wp-elements-364 wp-block-paragraph\">el amor de tus hermanos.<\/p>\n\n\n\n<p class=\"has-theme-palette-1-color has-text-color has-link-color wp-elements-365 wp-block-paragraph\">Para llegar a la alcoba,<\/p>\n\n\n\n<p class=\"has-theme-palette-1-color has-text-color has-link-color wp-elements-366 wp-block-paragraph\">&nbsp;al balc\u00f3n, a los tejados<\/p>\n\n\n\n<p class=\"has-theme-palette-1-color has-text-color has-link-color wp-elements-367 wp-block-paragraph\">de las blancas azoteas que,<\/p>\n\n\n\n<p class=\"has-theme-palette-1-color has-text-color has-link-color wp-elements-368 wp-block-paragraph\">&nbsp;en cofres de amor sellados,<\/p>\n\n\n\n<p class=\"has-theme-palette-1-color has-text-color has-link-color wp-elements-369 wp-block-paragraph\">&nbsp;guardaban las petaladas<\/p>\n\n\n\n<p class=\"has-theme-palette-1-color has-text-color has-link-color wp-elements-370 wp-block-paragraph\">de la ilusi\u00f3n de tu barrio.<\/p>\n\n\n\n<p class=\"has-theme-palette-1-color has-text-color has-link-color wp-elements-371 wp-block-paragraph\">Un palio de fina plata,<\/p>\n\n\n\n<p class=\"has-theme-palette-1-color has-text-color has-link-color wp-elements-372 wp-block-paragraph\">a los veinticinco a\u00f1os<\/p>\n\n\n\n<p class=\"has-theme-palette-1-color has-text-color has-link-color wp-elements-373 wp-block-paragraph\">te levantaron tus hijos<\/p>\n\n\n\n<p class=\"has-theme-palette-1-color has-text-color has-link-color wp-elements-374 wp-block-paragraph\">como una torre de nardos.<\/p>\n\n\n\n<p class=\"has-theme-palette-1-color has-text-color has-link-color wp-elements-375 wp-block-paragraph\">El d\u00eda del Amor fraterno,<\/p>\n\n\n\n<p class=\"has-theme-palette-1-color has-text-color has-link-color wp-elements-376 wp-block-paragraph\">una toca sobre manto,<\/p>\n\n\n\n<p class=\"has-theme-palette-1-color has-text-color has-link-color wp-elements-377 wp-block-paragraph\">fundi\u00f3 tus penas de Madre<\/p>\n\n\n\n<p class=\"has-theme-palette-1-color has-text-color has-link-color wp-elements-378 wp-block-paragraph\">&nbsp;con el Rosal de tu llanto&#8230;<\/p>\n\n\n\n<p class=\"has-theme-palette-1-color has-text-color has-link-color wp-elements-379 wp-block-paragraph\">Y as\u00ed el tiempo pint\u00f3 arenas<\/p>\n\n\n\n<p class=\"has-theme-palette-1-color has-text-color has-link-color wp-elements-380 wp-block-paragraph\">&nbsp;en los relojes de anta\u00f1o,<\/p>\n\n\n\n<p class=\"has-theme-palette-1-color has-text-color has-link-color wp-elements-381 wp-block-paragraph\">mientras el oro hilvanaba<\/p>\n\n\n\n<p class=\"has-theme-palette-1-color has-text-color has-link-color wp-elements-382 wp-block-paragraph\">el jard\u00edn de los bordados.<\/p>\n\n\n\n<p class=\"has-theme-palette-1-color has-text-color has-link-color wp-elements-383 wp-block-paragraph\">\u00bfQui\u00e9n dijo que el mal<\/p>\n\n\n\n<p class=\"has-theme-palette-1-color has-text-color has-link-color wp-elements-384 wp-block-paragraph\">no llega al silencio de los bancos?<\/p>\n\n\n\n<p class=\"has-theme-palette-1-color has-text-color has-link-color wp-elements-385 wp-block-paragraph\">Viene y se instala en las lenguas<\/p>\n\n\n\n<p class=\"has-theme-palette-1-color has-text-color has-link-color wp-elements-386 wp-block-paragraph\">de los que est\u00e1n alejados<\/p>\n\n\n\n<p class=\"has-theme-palette-1-color has-text-color has-link-color wp-elements-387 wp-block-paragraph\">de la red del compromiso,<\/p>\n\n\n\n<p class=\"has-theme-palette-1-color has-text-color has-link-color wp-elements-388 wp-block-paragraph\">perdi\u00e9ndose en lo profano.<\/p>\n\n\n\n<p class=\"has-theme-palette-1-color has-text-color has-link-color wp-elements-389 wp-block-paragraph\">Pero la Hermandad no quiso<\/p>\n\n\n\n<p class=\"has-theme-palette-1-color has-text-color has-link-color wp-elements-390 wp-block-paragraph\">seguir caminos aislados,<\/p>\n\n\n\n<p class=\"has-theme-palette-1-color has-text-color has-link-color wp-elements-391 wp-block-paragraph\">y pronto una carmelita<\/p>\n\n\n\n<p class=\"has-theme-palette-1-color has-text-color has-link-color wp-elements-392 wp-block-paragraph\">los puso sobre su h\u00e1bito.<\/p>\n\n\n\n<p class=\"has-theme-palette-1-color has-text-color has-link-color wp-elements-393 wp-block-paragraph\">Hermana Mar\u00eda Cristina,<\/p>\n\n\n\n<p class=\"has-theme-palette-1-color has-text-color has-link-color wp-elements-394 wp-block-paragraph\">la Piedad te dio la mano<\/p>\n\n\n\n<p class=\"has-theme-palette-1-color has-text-color has-link-color wp-elements-395 wp-block-paragraph\">y en ese amor sin medida,<\/p>\n\n\n\n<p class=\"has-theme-palette-1-color has-text-color has-link-color wp-elements-396 wp-block-paragraph\">los hijos de lo so\u00f1ado,<\/p>\n\n\n\n<p class=\"has-theme-palette-1-color has-text-color has-link-color wp-elements-397 wp-block-paragraph\">trenzaron un cordoncillo<\/p>\n\n\n\n<p class=\"has-theme-palette-1-color has-text-color has-link-color wp-elements-398 wp-block-paragraph\">umbilical, sacrosanto,<\/p>\n\n\n\n<p class=\"has-theme-palette-1-color has-text-color has-link-color wp-elements-399 wp-block-paragraph\">donde la fe de la Orden,<\/p>\n\n\n\n<p class=\"has-theme-palette-1-color has-text-color has-link-color wp-elements-400 wp-block-paragraph\">con Jes\u00fas sacramentado<\/p>\n\n\n\n<p class=\"has-theme-palette-1-color has-text-color has-link-color wp-elements-401 wp-block-paragraph\">&nbsp;fundieron capas de insignias<\/p>\n\n\n\n<p class=\"has-theme-palette-1-color has-text-color has-link-color wp-elements-402 wp-block-paragraph\">&nbsp;con el azul del esparto.<\/p>\n\n\n\n<p class=\"has-theme-palette-1-color has-text-color has-link-color wp-elements-403 wp-block-paragraph\">As\u00ed pasaron funciones,<\/p>\n\n\n\n<p class=\"has-theme-palette-1-color has-text-color has-link-color wp-elements-404 wp-block-paragraph\">preg\u00f3n cada cinco a\u00f1os<\/p>\n\n\n\n<p class=\"has-theme-palette-1-color has-text-color has-link-color wp-elements-405 wp-block-paragraph\">y fue la Hermandad, el puerto,<\/p>\n\n\n\n<p class=\"has-theme-palette-1-color has-text-color has-link-color wp-elements-406 wp-block-paragraph\">donde arribaron sus pasos<\/p>\n\n\n\n<p class=\"has-theme-palette-1-color has-text-color has-link-color wp-elements-407 wp-block-paragraph\">los hijos de la Piedad,<\/p>\n\n\n\n<p class=\"has-theme-palette-1-color has-text-color has-link-color wp-elements-408 wp-block-paragraph\">unidos siempre a su lado.<\/p>\n\n\n\n<p class=\"has-theme-palette-1-color has-text-color has-link-color wp-elements-409 wp-block-paragraph\">Rosa de Saron y lirio<\/p>\n\n\n\n<p class=\"has-theme-palette-1-color has-text-color has-link-color wp-elements-410 wp-block-paragraph\">de aquellos valles aciagos,<\/p>\n\n\n\n<p class=\"has-theme-palette-1-color has-text-color has-link-color wp-elements-411 wp-block-paragraph\">donde el sentir de los hombres<\/p>\n\n\n\n<p class=\"has-theme-palette-1-color has-text-color has-link-color wp-elements-412 wp-block-paragraph\">viene y va como un balandro.<\/p>\n\n\n\n<p class=\"has-theme-palette-1-color has-text-color has-link-color wp-elements-413 wp-block-paragraph\">Amarre de las fal\u00faas,<\/p>\n\n\n\n<p class=\"has-theme-palette-1-color has-text-color has-link-color wp-elements-414 wp-block-paragraph\">Plegaria de antiguos tangos,<\/p>\n\n\n\n<p class=\"has-theme-palette-1-color has-text-color has-link-color wp-elements-415 wp-block-paragraph\">Aurora de pescadores,<\/p>\n\n\n\n<p class=\"has-theme-palette-1-color has-text-color has-link-color wp-elements-416 wp-block-paragraph\">y Madre de los soldados<\/p>\n\n\n\n<p class=\"has-theme-palette-1-color has-text-color has-link-color wp-elements-417 wp-block-paragraph\">que anclaron sus corazones<\/p>\n\n\n\n<p class=\"has-theme-palette-1-color has-text-color has-link-color wp-elements-418 wp-block-paragraph\">con honor de patronazgo.<\/p>\n\n\n\n<p class=\"has-theme-palette-1-color has-text-color has-link-color wp-elements-419 wp-block-paragraph\">Calma en el fuerte oleaje,<\/p>\n\n\n\n<p class=\"has-theme-palette-1-color has-text-color has-link-color wp-elements-420 wp-block-paragraph\">Torre, M\u00e1stil, Luz y Faro<\/p>\n\n\n\n<p class=\"has-theme-palette-1-color has-text-color has-link-color wp-elements-421 wp-block-paragraph\">para encontrar el camino<\/p>\n\n\n\n<p class=\"has-theme-palette-1-color has-text-color has-link-color wp-elements-422 wp-block-paragraph\">ciegos de ser tan esclavos<\/p>\n\n\n\n<p class=\"has-theme-palette-1-color has-text-color has-link-color wp-elements-423 wp-block-paragraph\">de una pantalla que aturde<\/p>\n\n\n\n<p class=\"has-theme-palette-1-color has-text-color has-link-color wp-elements-424 wp-block-paragraph\">la raz\u00f3n del ser humano.<\/p>\n\n\n\n<p class=\"has-theme-palette-1-color has-text-color has-link-color wp-elements-425 wp-block-paragraph\">Bendita entre las mujeres,<\/p>\n\n\n\n<p class=\"has-theme-palette-1-color has-text-color has-link-color wp-elements-426 wp-block-paragraph\">bendito tu nombre santo<\/p>\n\n\n\n<p class=\"has-theme-palette-1-color has-text-color has-link-color wp-elements-427 wp-block-paragraph\">que sabe a Misericordia<\/p>\n\n\n\n<p class=\"has-theme-palette-1-color has-text-color has-link-color wp-elements-428 wp-block-paragraph\">&nbsp;en el techo de los sabios.<\/p>\n\n\n\n<p class=\"has-theme-palette-1-color has-text-color has-link-color wp-elements-429 wp-block-paragraph\">\u00a1Ay el ocho de diciembre<\/p>\n\n\n\n<p class=\"has-theme-palette-1-color has-text-color has-link-color wp-elements-430 wp-block-paragraph\">Que fiesta para tus a\u00f1os,<\/p>\n\n\n\n<p class=\"has-theme-palette-1-color has-text-color has-link-color wp-elements-431 wp-block-paragraph\">Floreci\u00f3 la sal del cielo<\/p>\n\n\n\n<p class=\"has-theme-palette-1-color has-text-color has-link-color wp-elements-432 wp-block-paragraph\">bajo las olas de un palio,<\/p>\n\n\n\n<p class=\"has-theme-palette-1-color has-text-color has-link-color wp-elements-433 wp-block-paragraph\">la hermandad cumpli\u00f3 su sue\u00f1o,<\/p>\n\n\n\n<p class=\"has-theme-palette-1-color has-text-color has-link-color wp-elements-434 wp-block-paragraph\">&nbsp;y el Se\u00f1or hizo el milagro,<\/p>\n\n\n\n<p class=\"has-theme-palette-1-color has-text-color has-link-color wp-elements-435 wp-block-paragraph\">&nbsp;recre\u00e1ndose la Gracia<\/p>\n\n\n\n<p class=\"has-theme-palette-1-color has-text-color has-link-color wp-elements-436 wp-block-paragraph\">en el nombre de su paso.<\/p>\n\n\n\n<p class=\"has-theme-palette-1-color has-text-color has-link-color wp-elements-437 wp-block-paragraph\">\u00a1Viva la Virgen benditai<\/p>\n\n\n\n<p class=\"has-theme-palette-1-color has-text-color has-link-color wp-elements-438 wp-block-paragraph\">La Rosa del jueves santo,<\/p>\n\n\n\n<p class=\"has-theme-palette-1-color has-text-color has-link-color wp-elements-439 wp-block-paragraph\">la que lleva en sus hechuras<\/p>\n\n\n\n<p class=\"has-theme-palette-1-color has-text-color has-link-color wp-elements-440 wp-block-paragraph\">marinas de trigo y campo,<\/p>\n\n\n\n<p class=\"has-theme-palette-1-color has-text-color has-link-color wp-elements-441 wp-block-paragraph\">la que amarr\u00f3 los pesares<\/p>\n\n\n\n<p class=\"has-theme-palette-1-color has-text-color has-link-color wp-elements-442 wp-block-paragraph\">de los cielos de su barrio,<\/p>\n\n\n\n<p class=\"has-theme-palette-1-color has-text-color has-link-color wp-elements-443 wp-block-paragraph\">la que derram\u00f3 el consuelo<\/p>\n\n\n\n<p class=\"has-theme-palette-1-color has-text-color has-link-color wp-elements-444 wp-block-paragraph\">abriendo siempre los brazos,<\/p>\n\n\n\n<p class=\"has-theme-palette-1-color has-text-color has-link-color wp-elements-445 wp-block-paragraph\">la de la Armada espa\u00f1ola,<\/p>\n\n\n\n<p class=\"has-theme-palette-1-color has-text-color has-link-color wp-elements-446 wp-block-paragraph\">la de la Cruz de San L\u00e1zaro,<\/p>\n\n\n\n<p class=\"has-theme-palette-1-color has-text-color has-link-color wp-elements-447 wp-block-paragraph\">la que llena sus mejillas<\/p>\n\n\n\n<p class=\"has-theme-palette-1-color has-text-color has-link-color wp-elements-448 wp-block-paragraph\">con madreperlas de acanto,<\/p>\n\n\n\n<p class=\"has-theme-palette-1-color has-text-color has-link-color wp-elements-449 wp-block-paragraph\">la que en su nombre florece<\/p>\n\n\n\n<p class=\"has-theme-palette-1-color has-text-color has-link-color wp-elements-450 wp-block-paragraph\">el cincuenta aniversario,<\/p>\n\n\n\n<p class=\"has-theme-palette-1-color has-text-color has-link-color wp-elements-451 wp-block-paragraph\">la de los clisos de n\u00e1car,<\/p>\n\n\n\n<p class=\"has-theme-palette-1-color has-text-color has-link-color wp-elements-452 wp-block-paragraph\">la Rosa tierna del llanto,<\/p>\n\n\n\n<p class=\"has-theme-palette-1-color has-text-color has-link-color wp-elements-453 wp-block-paragraph\">la Due\u00f1a de nuestras almas,<\/p>\n\n\n\n<p class=\"has-theme-palette-1-color has-text-color has-link-color wp-elements-454 wp-block-paragraph\">la Piedad de San Fernando.<\/p>\n\n\n\n<p class=\"has-theme-palette-1-color has-text-color has-link-color wp-elements-455 wp-block-paragraph\"><strong>DANIEL JES\u00daS NIETO V\u00c1ZQUEZ<\/strong><\/p>\n\n\n\n<p class=\"has-theme-palette-1-color has-text-color has-link-color wp-elements-456 wp-block-paragraph\"><strong>In memoriam<\/strong><\/p>\n\n\n\n<p class=\"has-theme-palette-1-color has-text-color has-link-color wp-elements-457 wp-block-paragraph\">Eres mi fascinaci\u00f3n<\/p>\n\n\n\n<p class=\"has-theme-palette-1-color has-text-color has-link-color wp-elements-458 wp-block-paragraph\">y el jal\u00f3n de mi locura.<\/p>\n\n\n\n<p class=\"has-theme-palette-1-color has-text-color has-link-color wp-elements-459 wp-block-paragraph\">Mi sedici\u00f3n,<\/p>\n\n\n\n<p class=\"has-theme-palette-1-color has-text-color has-link-color wp-elements-460 wp-block-paragraph\">mi conjura, en su \u00fanica versi\u00f3n.<\/p>\n\n\n\n<p class=\"has-theme-palette-1-color has-text-color has-link-color wp-elements-461 wp-block-paragraph\">Mi remanso de bondad,<\/p>\n\n\n\n<p class=\"has-theme-palette-1-color has-text-color has-link-color wp-elements-462 wp-block-paragraph\">la parra de mi descanso<\/p>\n\n\n\n<p class=\"has-theme-palette-1-color has-text-color has-link-color wp-elements-463 wp-block-paragraph\">y ese cuno sacrosanto<\/p>\n\n\n\n<p class=\"has-theme-palette-1-color has-text-color has-link-color wp-elements-464 wp-block-paragraph\">que aclara la oscuridad<\/p>\n\n\n\n<p class=\"has-theme-palette-1-color has-text-color has-link-color wp-elements-465 wp-block-paragraph\">del espeso desencanto<\/p>\n\n\n\n<p class=\"has-theme-palette-1-color has-text-color has-link-color wp-elements-466 wp-block-paragraph\">en esta caducidad.<\/p>\n\n\n\n<p class=\"has-theme-palette-1-color has-text-color has-link-color wp-elements-467 wp-block-paragraph\">Por ser la madre de Dios<\/p>\n\n\n\n<p class=\"has-theme-palette-1-color has-text-color has-link-color wp-elements-468 wp-block-paragraph\">eres tambi\u00e9n Madre nuestra.<\/p>\n\n\n\n<p class=\"has-theme-palette-1-color has-text-color has-link-color wp-elements-469 wp-block-paragraph\">yo s\u00e9 que a ti no te cuesta<\/p>\n\n\n\n<p class=\"has-theme-palette-1-color has-text-color has-link-color wp-elements-470 wp-block-paragraph\">el dividirte entre dos.<\/p>\n\n\n\n<p class=\"has-theme-palette-1-color has-text-color has-link-color wp-elements-471 wp-block-paragraph\">Me pasma y me maravilla<\/p>\n\n\n\n<p class=\"has-theme-palette-1-color has-text-color has-link-color wp-elements-472 wp-block-paragraph\">tu raudal de majestad.<\/p>\n\n\n\n<p class=\"has-theme-palette-1-color has-text-color has-link-color wp-elements-473 wp-block-paragraph\">Me hipnotiza tu Piedad<\/p>\n\n\n\n<p class=\"has-theme-palette-1-color has-text-color has-link-color wp-elements-474 wp-block-paragraph\">&nbsp;y el enigma que te brilla,<\/p>\n\n\n\n<p class=\"has-theme-palette-1-color has-text-color has-link-color wp-elements-475 wp-block-paragraph\">pellizco en la eternidad<\/p>\n\n\n\n<p class=\"has-theme-palette-1-color has-text-color has-link-color wp-elements-476 wp-block-paragraph\">del hoyo de tu barbilla.<\/p>\n\n\n\n<p class=\"has-theme-palette-1-color has-text-color has-link-color wp-elements-477 wp-block-paragraph\"><\/p>\n","protected":false},"excerpt":{"rendered":"<p>Desde el a\u00f1o 1976 hasta la fecha, breve reproducci\u00f3n de algunas estrofas y renglones de sus pregones y escritos. JOSE LUIS RODRIGUEZ LAFITA A\u00f1o 1976 \u00a1Divina Virgen! \u00a1Mi ensue\u00f1o! \u00a1Mi&hellip;<\/p>\n","protected":false},"author":2,"featured_media":0,"parent":0,"menu_order":0,"comment_status":"closed","ping_status":"closed","template":"","meta":{"footnotes":""},"class_list":["post-862","page","type-page","status-publish","hentry"],"_links":{"self":[{"href":"https:\/\/misericordiadesanfernando.com\/index.php\/wp-json\/wp\/v2\/pages\/862","targetHints":{"allow":["GET"]}}],"collection":[{"href":"https:\/\/misericordiadesanfernando.com\/index.php\/wp-json\/wp\/v2\/pages"}],"about":[{"href":"https:\/\/misericordiadesanfernando.com\/index.php\/wp-json\/wp\/v2\/types\/page"}],"author":[{"embeddable":true,"href":"https:\/\/misericordiadesanfernando.com\/index.php\/wp-json\/wp\/v2\/users\/2"}],"replies":[{"embeddable":true,"href":"https:\/\/misericordiadesanfernando.com\/index.php\/wp-json\/wp\/v2\/comments?post=862"}],"version-history":[{"count":4,"href":"https:\/\/misericordiadesanfernando.com\/index.php\/wp-json\/wp\/v2\/pages\/862\/revisions"}],"predecessor-version":[{"id":1929,"href":"https:\/\/misericordiadesanfernando.com\/index.php\/wp-json\/wp\/v2\/pages\/862\/revisions\/1929"}],"wp:attachment":[{"href":"https:\/\/misericordiadesanfernando.com\/index.php\/wp-json\/wp\/v2\/media?parent=862"}],"curies":[{"name":"wp","href":"https:\/\/api.w.org\/{rel}","templated":true}]}}